{"id":111,"date":"2020-12-18T12:37:02","date_gmt":"2020-12-18T11:37:02","guid":{"rendered":"http:\/\/moretloingetorvanne.fr\/ccas\/?page_id=111"},"modified":"2020-12-20T23:46:16","modified_gmt":"2020-12-20T22:46:16","slug":"les-actualites","status":"publish","type":"page","link":"http:\/\/moretloingetorvanne.fr\/ccas\/les-actualites\/","title":{"rendered":"Les actualit\u00e9s"},"content":{"rendered":"\n<h3 style=\"text-align: center;\"><span style=\"color: #000080;\"><strong>Semaine bleue du 5 au 9 octobre<\/strong><\/span><\/h3>\n<p>Inscription les 28 et 29 septembre :<\/p>\n<p><strong> uniquement par t\u00e9l\u00e9phone au 01 60 70 60 87<\/strong><\/p>\n<table width=\"590\">\n<tbody>\n<tr>\n<td><a href=\"http:\/\/moretloingetorvanne.fr\/ccas\/wp-content\/uploads\/2020\/12\/programme-2020-version-en-ligne.pdf\" target=\"_blank\" rel=\"noopener\"><img loading=\"lazy\" decoding=\"async\" class=\"alignnone wp-image-480 size-full\" src=\"http:\/\/moretloingetorvanne.fr\/ccas\/wp-content\/uploads\/2020\/12\/programme-2020-version-en-ligne_001-1.png\" alt=\"\" width=\"875\" height=\"1239\" srcset=\"http:\/\/moretloingetorvanne.fr\/ccas\/wp-content\/uploads\/2020\/12\/programme-2020-version-en-ligne_001-1.png 875w, http:\/\/moretloingetorvanne.fr\/ccas\/wp-content\/uploads\/2020\/12\/programme-2020-version-en-ligne_001-1-212x300.png 212w, http:\/\/moretloingetorvanne.fr\/ccas\/wp-content\/uploads\/2020\/12\/programme-2020-version-en-ligne_001-1-723x1024.png 723w, http:\/\/moretloingetorvanne.fr\/ccas\/wp-content\/uploads\/2020\/12\/programme-2020-version-en-ligne_001-1-768x1087.png 768w, http:\/\/moretloingetorvanne.fr\/ccas\/wp-content\/uploads\/2020\/12\/programme-2020-version-en-ligne_001-1-106x150.png 106w\" sizes=\"auto, (max-width: 875px) 100vw, 875px\" \/><\/a><\/td>\n<td><a href=\"http:\/\/moretloingetorvanne.fr\/ccas\/wp-content\/uploads\/2020\/12\/programme-2020-version-en-ligne.pdf\" target=\"_blank\" rel=\"noopener\"><img loading=\"lazy\" decoding=\"async\" class=\"alignnone wp-image-481 size-full\" src=\"http:\/\/moretloingetorvanne.fr\/ccas\/wp-content\/uploads\/2020\/12\/programme-2020-version-en-ligne_002.png\" alt=\"\" width=\"875\" height=\"1239\" srcset=\"http:\/\/moretloingetorvanne.fr\/ccas\/wp-content\/uploads\/2020\/12\/programme-2020-version-en-ligne_002.png 875w, http:\/\/moretloingetorvanne.fr\/ccas\/wp-content\/uploads\/2020\/12\/programme-2020-version-en-ligne_002-212x300.png 212w, http:\/\/moretloingetorvanne.fr\/ccas\/wp-content\/uploads\/2020\/12\/programme-2020-version-en-ligne_002-723x1024.png 723w, http:\/\/moretloingetorvanne.fr\/ccas\/wp-content\/uploads\/2020\/12\/programme-2020-version-en-ligne_002-768x1087.png 768w, http:\/\/moretloingetorvanne.fr\/ccas\/wp-content\/uploads\/2020\/12\/programme-2020-version-en-ligne_002-106x150.png 106w\" sizes=\"auto, (max-width: 875px) 100vw, 875px\" \/><\/a><\/td>\n<td><a href=\"http:\/\/moretloingetorvanne.fr\/ccas\/wp-content\/uploads\/2020\/12\/programme-2020-version-en-ligne.pdf\" target=\"_blank\" rel=\"noopener\"><img loading=\"lazy\" decoding=\"async\" class=\"alignnone wp-image-482 size-full\" src=\"http:\/\/moretloingetorvanne.fr\/ccas\/wp-content\/uploads\/2020\/12\/programme-2020-version-en-ligne_003.png\" alt=\"\" width=\"875\" height=\"1239\" srcset=\"http:\/\/moretloingetorvanne.fr\/ccas\/wp-content\/uploads\/2020\/12\/programme-2020-version-en-ligne_003.png 875w, http:\/\/moretloingetorvanne.fr\/ccas\/wp-content\/uploads\/2020\/12\/programme-2020-version-en-ligne_003-212x300.png 212w, http:\/\/moretloingetorvanne.fr\/ccas\/wp-content\/uploads\/2020\/12\/programme-2020-version-en-ligne_003-723x1024.png 723w, http:\/\/moretloingetorvanne.fr\/ccas\/wp-content\/uploads\/2020\/12\/programme-2020-version-en-ligne_003-768x1087.png 768w, http:\/\/moretloingetorvanne.fr\/ccas\/wp-content\/uploads\/2020\/12\/programme-2020-version-en-ligne_003-106x150.png 106w\" sizes=\"auto, (max-width: 875px) 100vw, 875px\" \/><\/a><\/td>\n<td><a href=\"http:\/\/moretloingetorvanne.fr\/ccas\/wp-content\/uploads\/2020\/12\/programme-2020-version-en-ligne.pdf\" target=\"_blank\" rel=\"noopener\"><img loading=\"lazy\" decoding=\"async\" class=\"alignnone wp-image-483 size-full\" src=\"http:\/\/moretloingetorvanne.fr\/ccas\/wp-content\/uploads\/2020\/12\/programme-2020-version-en-ligne_004.png\" alt=\"\" width=\"875\" height=\"1239\" srcset=\"http:\/\/moretloingetorvanne.fr\/ccas\/wp-content\/uploads\/2020\/12\/programme-2020-version-en-ligne_004.png 875w, http:\/\/moretloingetorvanne.fr\/ccas\/wp-content\/uploads\/2020\/12\/programme-2020-version-en-ligne_004-212x300.png 212w, http:\/\/moretloingetorvanne.fr\/ccas\/wp-content\/uploads\/2020\/12\/programme-2020-version-en-ligne_004-723x1024.png 723w, http:\/\/moretloingetorvanne.fr\/ccas\/wp-content\/uploads\/2020\/12\/programme-2020-version-en-ligne_004-768x1087.png 768w, http:\/\/moretloingetorvanne.fr\/ccas\/wp-content\/uploads\/2020\/12\/programme-2020-version-en-ligne_004-106x150.png 106w\" sizes=\"auto, (max-width: 875px) 100vw, 875px\" \/><\/a><\/td>\n<\/tr>\n<\/tbody>\n<\/table>\n<p><a href=\"http:\/\/moretloingetorvanne.fr\/ccas\/wp-content\/uploads\/2020\/12\/maquette-information-SEPT-2019.pdf\" target=\"_blank\" rel=\"noopener\"><img loading=\"lazy\" decoding=\"async\" class=\"alignnone wp-image-149\" src=\"http:\/\/moretloingetorvanne.fr\/ccas\/wp-content\/uploads\/2020\/12\/maquette-information-SEPT-2019_001-707x1024-1-207x300.png\" alt=\"\" width=\"365\" height=\"528\"><\/a><\/p>\n<p><strong>Permanences juridiques<\/strong><\/p>\n<p><a href=\"http:\/\/moretloingetorvanne.fr\/ccas\/wp-content\/uploads\/2020\/12\/plaquelle-permanences-juridiques.pdf\" target=\"_blank\" rel=\"noopener\"><img loading=\"lazy\" decoding=\"async\" class=\"alignnone wp-image-150\" src=\"http:\/\/moretloingetorvanne.fr\/ccas\/wp-content\/uploads\/2020\/12\/MSLpermanences-juridiques-216x300.jpg\" alt=\"\" width=\"271\" height=\"375\"><\/a><\/p>\n<p><strong><u>Plan Canicule 2020<\/u><br><\/strong><\/p>\n<p>Depuis la&nbsp; Canicule de l\u2019\u00e9t\u00e9 2003 qui avait mis en \u00e9vidence l\u2019isolement et la solitude<br>des personnes les plus fragiles, \u00e2g\u00e9es ou handicap\u00e9es, la loi du 30 juin 2004 pr\u00e9voit un plan d\u00e9partemental d\u2019alerte et d\u2019urgence qui confie aux Maires le soin de recenser, \u00e0 titre pr\u00e9ventif, les personnes \u00e2g\u00e9es et handicap\u00e9es vivant \u00e0 leur domicile.<\/p>\n<p>L\u2019objectif est d\u2019\u00e9tablir une liste des personnes susceptibles de n\u00e9cessiter<\/p>\n<p>l\u2019intervention des services sociaux et sanitaires en cas d\u2019\u00e9v\u00e9nement exceptionnel.<\/p>\n<p>Un registre est ouvert en Mairie pour :<\/p>\n<ul>\n<li>les personnes \u00e2g\u00e9es de 65 ans et plus r\u00e9sidant \u00e0 leur domicile.<\/li>\n<li>les personnes \u00e2g\u00e9es de 60 ans et plus reconnues inaptes au travail r\u00e9sidant \u00e0 leur domicile.<\/li>\n<li>les adultes handicap\u00e9s b\u00e9n\u00e9ficiant de l\u2019un des avantages pr\u00e9vus au titre IV du livre II du code de l\u2019action sociale et des familles (A.A.H , A.T.C.P.&nbsp;, carte d\u2019invalidit\u00e9, reconnaissance de la qualit\u00e9 de travailleur handicap\u00e9), ou d\u2019une pension d\u2019invalidit\u00e9 servie au titre d\u2019un r\u00e9gime de base de la s\u00e9curit\u00e9 sociale ou du code des pensions militaires d\u2019invalidit\u00e9 et des victimes de guerre, r\u00e9sidant \u00e0 leur domicile.<\/li>\n<\/ul>\n<p>N\u2019h\u00e9sitez pas \u00e0 vous inscrire sur le registre \u00ab&nbsp;Canicule&nbsp;\u00bb de la Commune. En cas de forte chaleur, une personne de la Mairie prendra de vos nouvelles.<\/p>\n<p><strong>Comment s\u2019inscrire&nbsp;:<\/strong><\/p>\n<p>\u2013 En MAIRIE en remplissant et en signant une fiche d\u2019inscription.<\/p>\n<p>\u2013 Par T\u00c9L\u00c9PHONE (01 60 70 52 38) ou par COURRIEL (ccas@veneuxlessablons.net) en nous demandant un imprim\u00e9 que vous nous renverrez rempli et sign\u00e9.<\/p>\n<p><strong>La demande d\u2019inscription est r\u00e9alis\u00e9e soit par la personne concern\u00e9e, soit par son repr\u00e9sentant l\u00e9gal, soit par un tiers (personne physique ou morale).<\/strong><\/p>\n<p><strong>Cette inscription est facultative, chaque personne inscrite conserve le droit d\u2019acc\u00e8s et de rectifications des informations qui la concerne.<\/strong><\/p>\n<p><strong><u>T\u00e9l\u00e9assistance Attention aux fraudes<\/u><\/strong><\/p>\n<p>Si vous \u00eates b\u00e9n\u00e9ficiaire du service d\u00e9partemental de t\u00e9l\u00e9assistance \u00e0 destination des personnes \u00e2g\u00e9es<br>et handicap\u00e9es,&nbsp; dans le cadre de la d\u00e9l\u00e9gation de service public attribu\u00e9e \u00e0 la soci\u00e9t\u00e9 Europ Assistance,<\/p>\n<p>Soyez vigilants concernant les individus qui se feraient passer pour des techniciens de maintenance<br>de la soci\u00e9t\u00e9 Europ Assistance.<\/p>\n<p>En cas de doute, <b>avant de faire rentrer la personne dans votre domicile<\/b> veuillez contacter :<\/p>\n<p>soit le service de t\u00e9l\u00e9assistance77 au 09 69 32 10 85<\/p>\n<p>soit Europ Assistance au 01 41 85 86 86<\/p>\n<p>soit votre CCAS au 01 60 70 52 38<\/p>\n<p>Afin de vous assurer qu\u2019une intervention est bien pr\u00e9vue.<\/p>\n","protected":false},"excerpt":{"rendered":"<p>Semaine bleue du 5 au 9 octobre Inscription les 28 et 29 septembre : uniquement par t\u00e9l\u00e9phone au 01 60 70 60 87 Permanences juridiques Plan Canicule 2020 Depuis la&nbsp; [&hellip;]<\/p>\n","protected":false},"author":1,"featured_media":0,"parent":0,"menu_order":0,"comment_status":"closed","ping_status":"closed","template":"","meta":{"_bbp_topic_count":0,"_bbp_reply_count":0,"_bbp_total_topic_count":0,"_bbp_total_reply_count":0,"_bbp_voice_count":0,"_bbp_anonymous_reply_count":0,"_bbp_topic_count_hidden":0,"_bbp_reply_count_hidden":0,"_bbp_forum_subforum_count":0,"ngg_post_thumbnail":0,"footnotes":"","_links_to":"","_links_to_target":""},"class_list":["post-111","page","type-page","status-publish","hentry"],"_links":{"self":[{"href":"http:\/\/moretloingetorvanne.fr\/ccas\/wp-json\/wp\/v2\/pages\/111","targetHints":{"allow":["GET"]}}],"collection":[{"href":"http:\/\/moretloingetorvanne.fr\/ccas\/wp-json\/wp\/v2\/pages"}],"about":[{"href":"http:\/\/moretloingetorvanne.fr\/ccas\/wp-json\/wp\/v2\/types\/page"}],"author":[{"embeddable":true,"href":"http:\/\/moretloingetorvanne.fr\/ccas\/wp-json\/wp\/v2\/users\/1"}],"replies":[{"embeddable":true,"href":"http:\/\/moretloingetorvanne.fr\/ccas\/wp-json\/wp\/v2\/comments?post=111"}],"version-history":[{"count":6,"href":"http:\/\/moretloingetorvanne.fr\/ccas\/wp-json\/wp\/v2\/pages\/111\/revisions"}],"predecessor-version":[{"id":488,"href":"http:\/\/moretloingetorvanne.fr\/ccas\/wp-json\/wp\/v2\/pages\/111\/revisions\/488"}],"wp:attachment":[{"href":"http:\/\/moretloingetorvanne.fr\/ccas\/wp-json\/wp\/v2\/media?parent=111"}],"curies":[{"name":"wp","href":"https:\/\/api.w.org\/{rel}","templated":true}]}}