{"id":112,"date":"2020-12-18T12:37:02","date_gmt":"2020-12-18T11:37:02","guid":{"rendered":"http:\/\/moretloingetorvanne.fr\/ccas\/?page_id=112"},"modified":"2020-12-18T15:37:13","modified_gmt":"2020-12-18T14:37:13","slug":"a-qui-sadresser","status":"publish","type":"page","link":"http:\/\/moretloingetorvanne.fr\/ccas\/a-qui-sadresser\/","title":{"rendered":"\u00c0 qui s&rsquo;adresser"},"content":{"rendered":"\n<div class=\"entry\">\n<p><strong><u>Pour Alzheimer<\/u><\/strong><\/p>\n<p>&nbsp;<\/p>\n<p><strong>France Alzheimer&nbsp;: <\/strong><a href=\"http:\/\/www.francealzheimer.org\/\">http:\/\/www.francealzheimer.org\/<\/a><\/p>\n<p>&nbsp;<\/p>\n<p><strong>\u00c9tablissement d\u2019H\u00e9bergement pour Personnes Ag\u00e9es D\u00e9pendantes (EHPAD)&nbsp; \u00ab Source Nadon \u00bb&nbsp;:<\/strong><\/p>\n<p>2 \u2013 4, Rue Claude Bernard<\/p>\n<p>77250 Veneux-Les Sablons<\/p>\n<p>Tel : 01 60 70 46 13<\/p>\n<p><a href=\"http:\/\/www.residencelesroses-veneuxlessablons.net\/maisonretraite-privee-veneux-les-sablons\">http:\/\/www.residencelesroses-veneuxlessablons.net\/maisonretraite-privee-veneux-les-sablons<\/a><\/p>\n<p>&nbsp;<\/p>\n<p><strong>Maisons de retraite Alzheimer&nbsp;:<\/strong><\/p>\n<p><u>Le Centre Alzheimer Villa Baucis<\/u>&nbsp;:<\/p>\n<p>45 Boulevard du Mar\u00e9chal Foch<\/p>\n<p>77300 Fontainebleau<\/p>\n<p>Tel&nbsp;: 01 64 69 54 54<\/p>\n<p><a href=\"http:\/\/www.almage.com\/centre-alzheimer-la-villa-baucis-fontainebleau\/\">http:\/\/www.almage.com\/centre-alzheimer-la-villa-baucis-fontainebleau\/<\/a><\/p>\n<p>&nbsp;<\/p>\n<p><u>R\u00e9sidence Harmonie<\/u>&nbsp;:<\/p>\n<p>Ruelle des Masgons<\/p>\n<p>77250 Moret-sur-Loing<\/p>\n<p>Tel: 01 64 31 63 00<\/p>\n<p><a href=\"http:\/\/www.lenobleage.fr\/residence_harmonie-77250-moret_sur_loing-77-96-31.html\">http:\/\/www.lenobleage.fr\/residence_harmonie-77250-moret_sur_loing-77-96-31.html<\/a><\/p>\n<p>&nbsp;<\/p>\n<p><u>R\u00e9sidence Eleusis<\/u>&nbsp;:<\/p>\n<p>2 rue du P\u00e8re Maurice<\/p>\n<p>77210 Avon<\/p>\n<p>Tel: 01 60 72 74 72<\/p>\n<p><a href=\"http:\/\/www.eleusisavon.com\/\">http:\/\/www.eleusisavon.com\/<\/a><\/p>\n<p>&nbsp;<\/p>\n<p><u>Le Cercle des Ain\u00e9s<\/u>&nbsp;:<\/p>\n<p>Place Royale<\/p>\n<p>77250 Moret-sur-Loing<\/p>\n<p>T\u00e9l: 01 60 70 50 70<\/p>\n<p><a href=\"http:\/\/www.agepartenaires.fr\/etablissement_ehpad_moret.html\">http:\/\/www.agepartenaires.fr\/etablissement_ehpad_moret.html<\/a><\/p>\n<p>&nbsp;<\/p>\n<p>&nbsp;<\/p>\n<p><strong><u>Pour l\u2019am\u00e9nagement du logement<\/u><\/strong><\/p>\n<p>&nbsp;<\/p>\n<p><strong>Agence Nationale de l\u2019Habitat (Anah)&nbsp;: <\/strong><a href=\"http:\/\/www.anah.fr\">http:\/\/www.anah.fr<\/a><\/p>\n<p>&nbsp;<\/p>\n<p><strong>Maison D\u00e9partementale des Personnes Handicap\u00e9es de Seine-et-Marne&nbsp;:<\/strong><\/p>\n<p>16, rue de l\u2019Aluminium<\/p>\n<p>77543 Savigny le temple cedex<\/p>\n<p>Tel : 01 64 19 11 40<\/p>\n<p><a href=\"http:\/\/www.mdph77.fr\">http:\/\/www.mdph77.fr<\/a><\/p>\n<p>&nbsp;<\/p>\n<p><strong>B\u00e2tisseurs de solidarit\u00e9s pour l\u2019habitat PACT Seine-et-Marne&nbsp;:<\/strong><\/p>\n<p>Tel&nbsp;: 01 64 09 12 72<\/p>\n<p><a href=\"http:\/\/www.pact77.org\/pact-seine-et-marne\/pact77\/pact77.php\">http:\/\/www.pact77.org\/pact-seine-et-marne\/pact77\/pact77.php<\/a><\/p>\n<p>&nbsp;<\/p>\n<p>&nbsp;<\/p>\n<p><strong><u>Pour la conduite<\/u><\/strong><\/p>\n<p>&nbsp;<\/p>\n<p><strong>Fonds d\u2019aide aux jeunes (FAJ)<\/strong><\/p>\n<p><a href=\"http:\/\/www.seine-et-marne.fr\/Education-Jeunesse\/Aides-aux-jeunes\/Fonds-d-aide-aux-jeunes-FAJ\">http:\/\/www.seine-et-marne.fr\/Education-Jeunesse\/Aides-aux-jeunes\/Fonds-d-aide-aux-jeunes-FAJ<\/a><\/p>\n<p>&nbsp;<\/p>\n<p>&nbsp;<\/p>\n<p><strong><u>Pour les jeunes<\/u><\/strong><\/p>\n<p>&nbsp;<\/p>\n<p><strong>Communaut\u00e9 de Commune de Moret Seine et Loing&nbsp;: <\/strong><a href=\"http:\/\/www.ccmsl.fr\/\">http:\/\/www.ccmsl.fr\/<\/a><\/p>\n<p>&nbsp;<\/p>\n<p><strong>Centre d\u2019Information Jeunesse&nbsp;: <\/strong><a href=\"http:\/\/www.cij77.asso.fr\/\">http:\/\/www.cij77.asso.fr\/<\/a><\/p>\n<p>&nbsp;<\/p>\n<p><strong>Foyer de Jeunes Travailleurs (FJT)&nbsp;: <\/strong><a href=\"http:\/\/www.aljt.com\/\">http:\/\/www.aljt.com\/<\/a><\/p>\n<p>&nbsp;<\/p>\n<p><strong>R\u00e9sidence jeunes actifs&nbsp;: <\/strong><a href=\"http:\/\/www.fac-habitat.com\/fr\/\">http:\/\/www.fac-habitat.com\/fr\/<\/a><\/p>\n<p>&nbsp;<\/p>\n<p><strong>Logements \u00e9tudiants&nbsp;: <\/strong><a href=\"https:\/\/www.adele.org\/\">https:\/\/www.adele.org\/<\/a><\/p>\n<p><strong>&nbsp;<\/strong><\/p>\n<p>&nbsp;<\/p>\n<p><strong><u>Pour le logement<\/u><\/strong><\/p>\n<p>Ma demande de logement social \u00ab&nbsp;pas \u00e0 pas&nbsp;\u00bb :<\/p>\n<p><a href=\"https:\/\/www.youtube.com\/watch?v=bwwklRE6KFE\">https:\/\/www.youtube.com\/watch?v=bwwklRE6KFE<\/a><\/p>\n<p>&nbsp;<\/p>\n<p><strong>Agence d\u2019Information sur le Logement (Adil)&nbsp;:<\/strong><\/p>\n<p>9 Place Praslin<\/p>\n<p>77000 Melun<\/p>\n<p>Tel&nbsp;: 08 20 16 77 77<\/p>\n<p>&nbsp;<\/p>\n<p><strong>Bailleurs sociaux&nbsp;:<\/strong><\/p>\n<p>&nbsp;<\/p>\n<p><u>OPH 77 Montereau <\/u><\/p>\n<p>Confluence Habitat<\/p>\n<p>45, square Beaumarchais<\/p>\n<p>CS 10121<\/p>\n<p>77874 Montereau Cedex<\/p>\n<p>Tel : 01 64 70 53 00<\/p>\n<p>&nbsp;<\/p>\n<p><u>OPH 77 Champagne-sur-Seine<\/u><\/p>\n<p>4, square Couperin<\/p>\n<p>77430 Champagne-sur-Seine<\/p>\n<p>Tel : 01 60 74 51 90<\/p>\n<p>&nbsp;<\/p>\n<p><u>Foyer de Seine-et-Marne (FSM) de Melun<\/u><\/p>\n<p>14, avenue Thiers<\/p>\n<p>77000 Melun<\/p>\n<p>Tel : 01 64 14 43 30<\/p>\n<p><a href=\"http:\/\/www.sa-fsm.com\">http:\/\/www.sa-fsm.com<\/a><\/p>\n<p>&nbsp;<\/p>\n<p><u>La R\u00e9sidence Urbaine de France<\/u><\/p>\n<p>32, cours du Danube<\/p>\n<p>77700 Serris<\/p>\n<p>Tel : 01 55 26 11 90<\/p>\n<p><a href=\"http:\/\/ww.groupe3f.fr\/residence-urbaine-de-france\">http:\/\/ww.groupe3f.fr\/residence-urbaine-de-france<\/a><\/p>\n<p>&nbsp;<\/p>\n<p><u>Trois moulins habitat<\/u><\/p>\n<p>60, rue des Meuniers<\/p>\n<p>BP 1826 \u2013 Rubelles<\/p>\n<p>77018 Melun Cedex<\/p>\n<p>Tel : 01.64.14.18.18<\/p>\n<p><a href=\"http:\/\/www.polylogis.fr\/filiales\/moulins\/notre\/qui\">http:\/\/www.polylogis.fr\/filiales\/moulins\/notre\/qui<\/a><\/p>\n<p>&nbsp;<\/p>\n<p><u>France Habitation<\/u><\/p>\n<p>1 square Chaptal<\/p>\n<p>92309 Levallois-Perret Cedex<\/p>\n<p>Tel : 01 49 42 79 89<\/p>\n<p><a href=\"http:\/\/www.france-habitation.fr\/\">http:\/\/www.france-habitation.fr\/<\/a><\/p>\n<p>&nbsp;<\/p>\n<p><u>Foyer de Seine-et-Marne (FSM) de Fontainebleau<\/u><\/p>\n<p>2 bis Rue de Belgique<\/p>\n<p>77300 Fontainebleau<\/p>\n<p>Tel : 01 78 49 40 00<\/p>\n<p><a href=\"http:\/\/www.sa-fsm.com\">http:\/\/www.sa-fsm.com<\/a><\/p>\n<p>&nbsp;<\/p>\n<p><u>Office public intercommunal (OPI)&nbsp; de Bagneaux Poligny Nemours<\/u><\/p>\n<p>Val du Loing Habitat<\/p>\n<p>31, avenue J.F. Kennedy<\/p>\n<p>B.P. 82<\/p>\n<p>77793 Nemours cedex<\/p>\n<p>Tel : 01 64 45 52 20<\/p>\n<p>&nbsp;<\/p>\n<p>&nbsp;<\/p>\n<p><strong><u>Pour la perte d\u2019autonomie<\/u><\/strong><\/p>\n<p>&nbsp;<\/p>\n<p><strong>L\u2019Allocation personnalis\u00e9e d\u2019autonomie (APA)&nbsp;:<\/strong><\/p>\n<p><a href=\"https:\/\/www.service-public.fr\/particuliers\/vosdroits\/F10009\">https:\/\/www.service-public.fr\/particuliers\/vosdroits\/F10009<\/a><\/p>\n<p>&nbsp;<\/p>\n<p><strong>L\u2019Aide \u00e0 domicile Seine-et-Loing (ADSL)&nbsp;:<\/strong><\/p>\n<p>Place du 11 Novembre 1918<\/p>\n<p>77250 Veneux-les Sablons<\/p>\n<p>Tel : 01 60 70 82 32<\/p>\n<p><a href=\"http:\/\/www.aideadomicileseineloing.fr\">http:\/\/www.aideadomicileseineloing.fr<\/a><\/p>\n<p>&nbsp;<\/p>\n<p><strong>Le Centre Local d\u2019Information et de Coordination (CLIC)&nbsp; <\/strong><\/p>\n<p>R\u00e9seau G\u00e9rontologique Sud 77<\/p>\n<p>32 rue Grande<\/p>\n<p>77210 Samoreau<\/p>\n<p>Tel : 01 60 71 05 93<\/p>\n<p><a href=\"http:\/\/www.seine-et-marne.fr\/Solidarite\/Seniors\/Centres-d-informations-CLIC\">http:\/\/www.seine-et-marne.fr\/Solidarite\/Seniors\/Centres-d-informations-CLIC<\/a><\/p>\n<p>&nbsp;<\/p>\n<p><strong>Prestation de compensation du handicap (PCH)&nbsp;:<\/strong><\/p>\n<p><a href=\"https:\/\/www.service-public.fr\/particuliers\/vosdroits\/F14202\">https:\/\/www.service-public.fr\/particuliers\/vosdroits\/F14202<\/a><\/p>\n<p>&nbsp;<\/p>\n<p><strong>\u00c9tablissement d\u2019H\u00e9bergement pour Personnes Ag\u00e9es D\u00e9pendantes (EHPAD)&nbsp; \u00ab Source Nadon \u00bb&nbsp;:<\/strong><\/p>\n<p>2 \u2013 4 rue Claude Bernard<\/p>\n<p>77250 Veneux-les Sablons<\/p>\n<p>Tel : 01 60 70 46 13<\/p>\n<p><a href=\"http:\/\/www.residencelesroses-veneuxlessablons.net\">http:\/\/www.residencelesroses-veneuxlessablons.net<\/a><\/p>\n<p>&nbsp;<\/p>\n<p><strong>SSIAD Croix Rouge Fran\u00e7aise 77&nbsp;:<\/strong><\/p>\n<p>3 square Cahen Michel<\/p>\n<p>77250 Veneux-les Sablons<\/p>\n<p>Tel : 01 60 70 93 48<\/p>\n<p>&nbsp;<\/p>\n<p><strong>T\u00e9l\u00e9assistance Europ assistance&nbsp;:<\/strong><\/p>\n<p>Horaires d\u2019ouverture : du lundi au jeudi de 9h \u00e0 19h et le vendredi de 9h \u00e0 17h.<\/p>\n<p>Tel : Num\u00e9ro azur : 08 10 00 74 34<\/p>\n<p><a href=\"http:\/\/www.ea-lateleassistance.com\">http:\/\/www.ea-lateleassistance.com<\/a><\/p>\n<p>&nbsp;<\/p>\n<p><strong>La Maison D\u00e9partementale des Solidarit\u00e9s (MDS) <\/strong><\/p>\n<p>1 rue Andr\u00e9 Thomas<\/p>\n<p>77875 Montereau-Fault-Yonne<\/p>\n<p>Tel : 01 60 57 22 55<\/p>\n<p><a href=\"http:\/\/www.seine-et-marne.fr\/Solidarite\/Maison-departementale-des-solidarites\">http:\/\/www.seine-et-marne.fr\/Solidarite\/Maison-departementale-des-solidarites<\/a><\/p>\n<p>&nbsp;<\/p>\n<p>&nbsp;<\/p>\n<p><strong><u>Pour le transport<\/u><\/strong><\/p>\n<p>&nbsp;<\/p>\n<p><strong>Pour Aider \u00e0 la Mobilit\u00e9 (PAM)&nbsp; 77<\/strong><\/p>\n<p>Agence PAM 77 \u2013 FlexCit\u00e9 77<\/p>\n<p>195 Rue Lavoisier<\/p>\n<p>ZAE Bel Air<\/p>\n<p>77 240 Cesson<\/p>\n<p><strong>Tel : 01 64 10 69 00<\/strong><\/p>\n<p><a href=\"https:\/\/www.pam77.info\">https:\/\/www.pam77.info<\/a><\/p>\n<p>&nbsp;<\/p>\n<p><strong>Forfait Am\u00e9thyste<\/strong><\/p>\n<p><a href=\"http:\/\/www.seine-et-marne.fr\/Solidarite\/Seniors\/Amethyste-et-Mobilis\">http:\/\/www.seine-et-marne.fr\/Solidarite\/Seniors\/Amethyste-et-Mobilis<\/a><\/p>\n<p>Solidarit\u00e9 transport&nbsp;:<\/p>\n<p><a href=\"http:\/\/www.solidaritetransport.fr\/\">http:\/\/www.solidaritetransport.fr\/<\/a><\/p>\n<p>Navigo&nbsp;:<\/p>\n<p><a href=\"http:\/\/www.navigo.fr\">www.navigo.fr<\/a><\/p>\n<p>&nbsp;<\/p>\n<p>Carte scolaire bus Optile&nbsp;: <a href=\"http:\/\/www.optile.com\/carte-scolaire-bus\/\">http:\/\/www.optile.com\/carte-scolaire-bus\/<\/a><\/p>\n<p>&nbsp;<\/p>\n<p>Covoiturage Bla Bla car&nbsp;: <a href=\"https:\/\/www.blablacar.fr\/\">https:\/\/www.blablacar.fr\/<\/a><\/p>\n<p>&nbsp;<\/p>\n<p>&nbsp;<\/p>\n<p><strong><u>Pour le veuvage<\/u><\/strong><\/p>\n<p>&nbsp;<\/p>\n<p><strong>La Caisse Primaire d\u2019Assurance Maladie (CPAM)&nbsp;<\/strong><\/p>\n<p>Tel&nbsp;: 36 46<\/p>\n<p><a href=\"http:\/\/www.ameli.fr\">http:\/\/www.ameli.fr<\/a><\/p>\n<p>&nbsp;<\/p>\n<p><strong>La Maison D\u00e9partementale des Solidarit\u00e9s (MDS) <\/strong><\/p>\n<p>1 rue Andr\u00e9 Thomas<\/p>\n<p>77875 Montereau-Fault-Yonne cedex<\/p>\n<p>Tel : 01 60 57 22 55<\/p>\n<p><a href=\"http:\/\/www.seine-et-marne.fr\/Solidarite\/Maison-departementale-des-solidarites\">http:\/\/www.seine-et-marne.fr\/Solidarite\/Maison-departementale-des-solidarites<\/a><\/p>\n<p>&nbsp;<\/p>\n<p><strong>Le Centre Local d\u2019Information et de Coordination (CLIC)&nbsp; <\/strong><\/p>\n<p>R\u00e9seau G\u00e9rontologique Sud 77<\/p>\n<p>32 rue Grande<\/p>\n<p>77210 Samoreau<\/p>\n<p>Tel : 01 60 71 05 93<\/p>\n<p><a href=\"http:\/\/www.seine-et-marne.fr\/Solidarite\/Seniors\/Centres-d-informations-CLIC\">http:\/\/www.seine-et-marne.fr\/Solidarite\/Seniors\/Centres-d-informations-CLIC<\/a><\/p>\n<p>&nbsp;<\/p>\n<p><strong>L\u2019Association Des Veuves, Veufs et Parents d\u2019Orphelins de Seine et Marne (ADVC77)&nbsp;:<\/strong><\/p>\n<p>ADVC 77<\/p>\n<p>8, rue Duguesclin<\/p>\n<p>77000 Melun<\/p>\n<p>TEL 01 64 39 66 73<\/p>\n<p><a href=\"http:\/\/www.udaf77.fr\/associations\/details-11-advc\/\">http:\/\/www.udaf77.fr\/associations\/details-11-advc\/<\/a><\/p>\n<\/div>\n","protected":false},"excerpt":{"rendered":"<p>Pour Alzheimer &nbsp; France Alzheimer&nbsp;: http:\/\/www.francealzheimer.org\/ &nbsp; \u00c9tablissement d\u2019H\u00e9bergement pour Personnes Ag\u00e9es D\u00e9pendantes (EHPAD)&nbsp; \u00ab Source Nadon \u00bb&nbsp;: 2 \u2013 4, Rue Claude Bernard 77250 Veneux-Les Sablons Tel : 01 [&hellip;]<\/p>\n","protected":false},"author":1,"featured_media":0,"parent":0,"menu_order":0,"comment_status":"closed","ping_status":"closed","template":"","meta":{"_bbp_topic_count":0,"_bbp_reply_count":0,"_bbp_total_topic_count":0,"_bbp_total_reply_count":0,"_bbp_voice_count":0,"_bbp_anonymous_reply_count":0,"_bbp_topic_count_hidden":0,"_bbp_reply_count_hidden":0,"_bbp_forum_subforum_count":0,"ngg_post_thumbnail":0,"footnotes":"","_links_to":"","_links_to_target":""},"class_list":["post-112","page","type-page","status-publish","hentry"],"_links":{"self":[{"href":"http:\/\/moretloingetorvanne.fr\/ccas\/wp-json\/wp\/v2\/pages\/112","targetHints":{"allow":["GET"]}}],"collection":[{"href":"http:\/\/moretloingetorvanne.fr\/ccas\/wp-json\/wp\/v2\/pages"}],"about":[{"href":"http:\/\/moretloingetorvanne.fr\/ccas\/wp-json\/wp\/v2\/types\/page"}],"author":[{"embeddable":true,"href":"http:\/\/moretloingetorvanne.fr\/ccas\/wp-json\/wp\/v2\/users\/1"}],"replies":[{"embeddable":true,"href":"http:\/\/moretloingetorvanne.fr\/ccas\/wp-json\/wp\/v2\/comments?post=112"}],"version-history":[{"count":2,"href":"http:\/\/moretloingetorvanne.fr\/ccas\/wp-json\/wp\/v2\/pages\/112\/revisions"}],"predecessor-version":[{"id":173,"href":"http:\/\/moretloingetorvanne.fr\/ccas\/wp-json\/wp\/v2\/pages\/112\/revisions\/173"}],"wp:attachment":[{"href":"http:\/\/moretloingetorvanne.fr\/ccas\/wp-json\/wp\/v2\/media?parent=112"}],"curies":[{"name":"wp","href":"https:\/\/api.w.org\/{rel}","templated":true}]}}