{"id":114,"date":"2020-12-18T12:37:02","date_gmt":"2020-12-18T11:37:02","guid":{"rendered":"http:\/\/moretloingetorvanne.fr\/ccas\/?page_id=114"},"modified":"2020-12-20T22:53:45","modified_gmt":"2020-12-20T21:53:45","slug":"les-aides","status":"publish","type":"page","link":"http:\/\/moretloingetorvanne.fr\/ccas\/les-aides\/","title":{"rendered":"Les aides"},"content":{"rendered":"\n<p><strong><u>Les Aides facultatives<\/u><\/strong><\/p>\n<p>Elles sont le reflet de l\u2019Action Sociale communale et recouvrent divers secteurs d\u2019activit\u00e9s. Le CCAS peut apporter un accompagnement individualis\u00e9 ; il peut \u00e9galement dispenser des aides mat\u00e9rielles (alimentaire ou autre), sous la forme&nbsp;de prestations remboursables ou non remboursables apr\u00e8s \u00e9tude du dossier&nbsp;par la commission.<\/p>\n<p>Les Aides Sociales facultatives sont des aides accord\u00e9es&nbsp;\u00e0 des fins tr\u00e8s sp\u00e9cifiques sous conditions de r\u00e9sidence et de ressources.<\/p>\n<p>En effet, l\u2019aide du CCAS est ponctuelle et ne peut \u00eatre obtenue qu\u2019en dernier recours apr\u00e8s sollicitation de l\u2019ensemble des dispositifs l\u00e9gaux et r\u00e9glementaires, celui-ci&nbsp;ne peut intervenir qu\u2019au b\u00e9n\u00e9fice des personnes r\u00e9sidant sur la Ville&nbsp;de Moret-Loing-et-Orvanne.<\/p>\n<p>&nbsp;<\/p>\n<p>Pour d\u00e9poser une demande, prenez rendez-vous aupr\u00e8s du CCAS en t\u00e9l\u00e9phonant<br>au 01 60 70 52 38 ou au 01 60 70 60 87 et munissez-vous des justificatifs suivants&nbsp;:<\/p>\n<p><u>\u00c9tat Civil<\/u>&nbsp;:<\/p>\n<p>\u2013 Pi\u00e8ce d\u2019identit\u00e9<\/p>\n<p>\u2013 Livret de famille<\/p>\n<p>&nbsp;<\/p>\n<p><u>Ressources<\/u>&nbsp;:<\/p>\n<p>\u2013 3 derni\u00e8res fiches de paie de chaque membre de la famille<\/p>\n<p>\u2013 Notification CAF du dernier mois (exemples : RSA, Allocations Familiales, AAH, Allocation Jeunes Enfants, Allocation Soutien Familial, Libre Choix Activit\u00e9, Allocation Logement, etc)<\/p>\n<p>\u2013 Indemnit\u00e9s Assedic<\/p>\n<p>\u2013 Indemnit\u00e9s Journali\u00e8res (IJ)<\/p>\n<p>\u2013 Indemnit\u00e9s retraites<\/p>\n<p>\u2013 Bourses<\/p>\n<p>\u2013 Pensions alimentaires per\u00e7ues<\/p>\n<p>\u2013 Autres<\/p>\n<p>&nbsp;<\/p>\n<p><u>Charges<\/u>&nbsp;:<\/p>\n<p>\u2013 Avis d\u2019imp\u00f4ts 2020 sur les revenus 2019<\/p>\n<p>\u2013 Taxe d\u2019habitation<\/p>\n<p>\u2013 Taxe fonci\u00e8re<\/p>\n<p>\u2013 Loyer ou emprunt<\/p>\n<p>\u2013 Assurance logement<\/p>\n<p>\u2013 Assurance voiture<\/p>\n<p>\u2013 Mutuelle<\/p>\n<p>\u2013 Facture Eau<\/p>\n<p>\u2013 Facture \u00c9lectricit\u00e9<\/p>\n<p>\u2013 Facture Fioul<\/p>\n<p>\u2013 Facture Gaz<\/p>\n<p>\u2013 Frais de scolarit\u00e9 \/ cantine<\/p>\n<p>\u2013 Facture Internet \/ t\u00e9l\u00e9phone fixe<\/p>\n<p>\u2013 Facture t\u00e9l\u00e9phone portable<\/p>\n<p>\u2013 Pension alimentaire vers\u00e9e<\/p>\n<p>\u2013 Transport<\/p>\n<p>\u2013 Autres<\/p>\n<p>&nbsp;<\/p>\n<p><strong><u>L\u2019Aide Sociale<\/u><\/strong><\/p>\n<p>Le CCAS participe \u00e0 l\u2019instruction des dossiers de demande d\u2019Aide Sociale.<\/p>\n<p>En accord avec les autorit\u00e9s comp\u00e9tentes (Conseil G\u00e9n\u00e9ral, Caisse d\u2019Allocations Familiales, Caisse Primaire d\u2019Assurance Maladie), le CCAS assure uniquement l\u2019instruction administrative, soit un r\u00f4le d\u2019accueil des demandeurs,&nbsp;d\u2019aide au remplissage des dossiers, de compilation et de validation des pi\u00e8ces justificatives, et de transmission \u00e0 l\u2019autorit\u00e9 charg\u00e9e de statuer sur la demande.<\/p>\n<p>L\u2019Aide Sociale \u00e0 l\u2019H\u00e9bergement permet de prendre en charge tout ou partie des frais li\u00e9s \u00e0 l\u2019h\u00e9bergement d\u2019une personne \u00e2g\u00e9e, de 60 ans ou plus, chez un accueillant familial ou en \u00e9tablissement. Elle est attribu\u00e9e sous condition de ressources.<\/p>\n<p>Pour d\u00e9poser une demande, vous pouvez retirer le formulaire aupr\u00e8s du CCAS.<\/p>\n<p>&nbsp;<\/p>\n<p><strong><u>L\u2019APA<\/u><\/strong><\/p>\n<p>L\u2019Allocation Personnalis\u00e9e d\u2019Autonomie (APA) s\u2019adresse \u00e0 l\u2019ensemble des personnes \u00e2g\u00e9es d\u00e9pendantes ou en perte d\u2019autonomie.<\/p>\n<p>Elle leur permet de financer une partie des d\u00e9penses n\u00e9cessaires \u00e0 leur maintien \u00e0 domicile, de recourir aux aides&nbsp;dont elles ont besoin pour accomplir les actes de la vie courante ou de couvrir&nbsp;une partie du tarif d\u00e9pendance fix\u00e9 par leur \u00e9tablissement m\u00e9dico-social d\u2019accueil.<\/p>\n<p><a href=\"http:\/\/moretloingetorvanne.fr\/ccas\/wp-content\/uploads\/2020\/12\/17-DGAS-Allocation-personnalisee-d27autonomie-a-domicile-1.pdf\">17-DGAS-Allocation personnalisee dautonomie a domicile<\/a><\/p>\n<p><a href=\"http:\/\/moretloingetorvanne.fr\/ccas\/wp-content\/uploads\/2020\/12\/D\u00e9pliant-de-pr\u00e9sentation-de-lAPA.pdf\">D\u00e9pliant de pr\u00e9sentation de l\u2019APA<\/a><\/p>\n<p><a href=\"http:\/\/moretloingetorvanne.fr\/ccas\/wp-content\/uploads\/2020\/12\/20161128-Formulaire-de-demande-de-carte-dinvalidit\u00e9-et-de-carte-de-stationnement-pour-les-b\u00e9n\u00e9ficiaires-de-lAPA-class\u00e9s-GIR-1-et-2.pdf\">20161128-Formulaire de demande de carte d\u2019invalidit\u00e9 et de carte de stationnement pour les b\u00e9n\u00e9ficiaires de l\u2019APA class\u00e9s GIR 1 et 2<\/a><\/p>\n<p>&nbsp;<\/p>\n<p><strong><u>L\u2019APL<\/u><\/strong><\/p>\n<p>L\u2019Aide Personnalis\u00e9e au Logement (APL) est une aide financi\u00e8re destin\u00e9e \u00e0 r\u00e9duire&nbsp;le montant de son loyer ou sa mensualit\u00e9 d\u2019emprunt immobilier.<\/p>\n<p><a href=\"http:\/\/moretloingetorvanne.fr\/ccas\/wp-content\/uploads\/2020\/12\/APL-Cerfa.pdf\">apl<\/a><\/p>\n<p>&nbsp;<\/p>\n<p><strong><u>L\u2019ASPA (Minimum vieillesse)<\/u><\/strong><\/p>\n<p>L\u2019Allocation de Solidarit\u00e9 aux Personnes Ag\u00e9es (ASPA) permet d\u00e8s 65 ans d\u2019apporter&nbsp;un compl\u00e9ment de ressources pour porter au niveau du minimum vieillesse&nbsp;les revenus des personnes \u00e2g\u00e9es disposant de faibles moyens d\u2019existence.<\/p>\n<p>En 2016, les montants de l\u2019ASPA sont les suivants :<\/p>\n<p>\u2013 Personne seule sans ressources : 800 euros par mois, soit 9 600 euros par an<\/p>\n<p>\u2013 Deux personnes : 1 242 euros par mois, soit 14 904 euros par an<\/p>\n<p>Pour d\u00e9poser une demande, vous pouvez retirer le formulaire aupr\u00e8s du CCAS.<\/p>\n<p>&nbsp;<\/p>\n<p><strong><u>La carte Am\u00e9thyste<\/u><\/strong><\/p>\n<p>Le titre de transport Am\u00e9thyste est un forfait annuel conf\u00e9rant, sous certaines conditions, l\u2019acc\u00e8s illimit\u00e9 aux transports sur l\u2019ensemble du r\u00e9seau RATP, OPTILE, SNCF de Paris et de la banlieue parisienne. Il est r\u00e9serv\u00e9 aux personnes handicap\u00e9es, aux anciens combattants, aux veuves de guerre et aux personnes \u00e2g\u00e9es retrait\u00e9es sous conditions de ressources ou de statut. Une participation annuelle est demand\u00e9e aux b\u00e9n\u00e9ficiaires du titre Am\u00e9thyste.<\/p>\n<p>Pour plus de renseignement concernant la solidarit\u00e9 transport&nbsp;:<\/p>\n<p><a href=\"http:\/\/www.solidaritetransport.fr\/\">http:\/\/www.solidaritetransport.fr\/<\/a><\/p>\n<p>Pour plus de renseignements sur le forfait am\u00e9thyste&nbsp;:<\/p>\n<p><a href=\"http:\/\/www.seine-et-marne.fr\/Solidarite\/Seniors\/Amethyste-et-Mobilis\">http:\/\/www.seine-et-marne.fr\/Solidarite\/Seniors\/Amethyste-et-Mobilis<\/a><\/p>\n<p>Pour demander votre carte Navigo&nbsp;:<\/p>\n<p><a href=\"http:\/\/www.navigo.fr\">http:\/\/www.navigo.fr<\/a><\/p>\n<p><a href=\"http:\/\/moretloingetorvanne.fr\/ccas\/wp-content\/uploads\/2020\/12\/Demande-dabonnement-annuel-forfait-amethyste-4-5-cerfa.pdf\">demande-dabonnement-annuel-forfait-amethyste-4-5-cerfa<\/a><\/p>\n<p><a href=\"http:\/\/moretloingetorvanne.fr\/ccas\/wp-content\/uploads\/2020\/12\/Demande-dabonnement-annuel-forfait-amethyste-1-5-cerfa.pdf\">demande-dabonnement-annuel-forfait-amethyste-1-5-cerfa<\/a><\/p>\n<p>&nbsp;<\/p>\n<p><strong><u>La CMUc<\/u><\/strong><\/p>\n<p>La Couverture Maladie Universelle compl\u00e9mentaire (CMUc) facilite l\u2019acc\u00e8s aux soins et contribue \u00e0 la r\u00e9duction des in\u00e9galit\u00e9s en sant\u00e9 en proposant aux personnes&nbsp;aux faibles ressources, et r\u00e9sidant en France de fa\u00e7on stable et r\u00e9guli\u00e8re,&nbsp;une couverture maladie compl\u00e9mentaire gratuite.<\/p>\n<p><a href=\"http:\/\/moretloingetorvanne.fr\/ccas\/wp-content\/uploads\/2020\/12\/CMU-Cerfa.pdf\">cmu-cerfa<\/a><\/p>\n<p><a href=\"http:\/\/moretloingetorvanne.fr\/ccas\/wp-content\/uploads\/2020\/12\/PUMA-cerfa.pdf\">puma-cerfa<\/a><\/p>\n<p>&nbsp;<\/p>\n<p><strong><u>La Demande de Logement Social<\/u><\/strong><\/p>\n<p>&nbsp;<\/p>\n<p>Ma demande de logement social \u00ab&nbsp;pas \u00e0 pas&nbsp;\u00bb :<\/p>\n<p><a href=\"https:\/\/www.youtube.com\/watch?v=bwwklRE6KFE\">https:\/\/www.youtube.com\/watch?v=bwwklRE6KFE<\/a><\/p>\n<p>&nbsp;<\/p>\n<p>Les logements sociaux sont destin\u00e9s \u00e0 satisfaire les besoins en logement<br>des personnes \u00e0 ressources faibles ou modestes, mais aussi des familles \u00e0 revenus moyens, ceux-ci ayant des prix inf\u00e9rieurs aux loyers du secteur priv\u00e9. Toute personne qui souhaite obtenir un logement social doit constituer un dossier.<\/p>\n<p>La demande peut \u00eatre faite en ligne ou directement d\u00e9pos\u00e9e au CCAS accompagn\u00e9e de la photocopie d\u2019une pi\u00e8ce d\u2019identit\u00e9 et du dernier avis d\u2019imp\u00f4ts sur les revenus.<\/p>\n<p>Pour faire une demande en ligne&nbsp;:<\/p>\n<p><a href=\"https:\/\/www.demande-logement-social.gouv.fr\">https:\/\/www.demande-logement-social.gouv.fr<\/a><\/p>\n<p><a href=\"http:\/\/moretloingetorvanne.fr\/ccas\/wp-content\/uploads\/2020\/12\/Demande-de-Logement-Social-cerfa.pdf\">demande-de-logement-social-cerfa<\/a><\/p>\n<p>&nbsp;<\/p>\n<p><strong><u>La Domiciliation<\/u><\/strong><\/p>\n<p>La domiciliation permet \u00e0 toute personne sans domicile stable ou fixe ayant un lien avec la commune de disposer d\u2019une adresse administrative o\u00f9 recevoir son courrier&nbsp;et faire valoir certains droits et prestations.<\/p>\n<p>Le CCAS peut domicilier le demandeur sous certaines conditions, sinon il communiquera \u00e0 celui-ci la liste des associations agr\u00e9es pouvant le domicilier.<\/p>\n<p>Pour d\u00e9poser une demande, prendre rendez-vous aupr\u00e8s du CCAS.<\/p>\n<p>&nbsp;<\/p>\n<p><strong><u>La MDPH<\/u><\/strong><\/p>\n<p>La Maison D\u00e9partementale des Personnes Handicap\u00e9es (MDPH) est charg\u00e9e d\u2019accueillir, d\u2019informer, d\u2019orienter et d\u2019accompagner les personnes handicap\u00e9es&nbsp;et leurs proches.<\/p>\n<p>La personne handicap\u00e9e est au c\u0153ur de ce dispositif, gr\u00e2ce&nbsp;\u00e0 une prise en compte de son projet de vie et une \u00e9valuation de ses besoins&nbsp;par une \u00e9quipe pluridisciplinaire.<\/p>\n<p>Pour plus d\u2019information sur les MDPH&nbsp;:<\/p>\n<p><a href=\"http:\/\/www.mdph.fr\">http:\/\/www.mdph.fr<\/a><\/p>\n<p><a href=\"http:\/\/moretloingetorvanne.fr\/ccas\/wp-content\/uploads\/2020\/12\/1-Formulaire-de-demande-1.pdf\">1-formulaire-de-demande-1<\/a><\/p>\n<p><a href=\"http:\/\/moretloingetorvanne.fr\/ccas\/wp-content\/uploads\/2020\/12\/2-Formulaire-de-demande-2.pdf\">2-formulaire-de-demande-2<\/a><\/p>\n<p><a href=\"http:\/\/moretloingetorvanne.fr\/ccas\/wp-content\/uploads\/2020\/12\/3-Certificat-m\u00e9dical.pdf\">3-certificat-medical<\/a><\/p>\n<p><a href=\"http:\/\/moretloingetorvanne.fr\/ccas\/wp-content\/uploads\/2020\/12\/4-Fiche-parcours-professionnel.pdf\">4-fiche-parcours-professionnel<\/a><\/p>\n<p><a href=\"http:\/\/moretloingetorvanne.fr\/ccas\/wp-content\/uploads\/2020\/12\/5-Proc\u00e9dure-accel\u00e9r\u00e9e-RQTH.pdf\">5-procedure-acceleree-rqth<\/a><\/p>\n<p><a href=\"http:\/\/moretloingetorvanne.fr\/ccas\/wp-content\/uploads\/2020\/12\/6-Pi\u00e8ce-justificatives-\u00e0-fournir.pdf\">6-piece-justificatives-a-fournir<\/a><\/p>\n<p>&nbsp;<\/p>\n<p><strong><u>L\u2019Obligation Alimentaire<\/u><\/strong><\/p>\n<p>Les \u00e9poux et descendants ont l\u2019obligation d\u2019aider leur conjoint et ascendants.<\/p>\n<p>Cette obligation concerne aussi les alli\u00e9s en ligne directe. Les gendres et belles filles doivent des aliments \u00e0 leurs beaux-parents. Cette obligation alimentaire s\u2019\u00e9teint&nbsp;en cas de divorce ou, en cas de d\u00e9c\u00e8s de l\u2019\u00e9poux qui faisait le lien et des enfants n\u00e9s de ce mariage. L\u2019enfant peut \u00eatre d\u00e9charg\u00e9 par le juge de cette obligation si le parent a lui-m\u00eame manqu\u00e9 gravement \u00e0 ses obligations envers lui.<\/p>\n<p>Sont \u00e9galement dispens\u00e9s de fournir cette aide, les enfants qui ont \u00e9t\u00e9 retir\u00e9s&nbsp;de leur milieu familial :<\/p>\n<ul>\n<li>par d\u00e9cision judiciaire,<\/li>\n<li>et durant une p\u00e9riode d\u2019au moins 36 mois cumul\u00e9s avant l\u2019\u00e2ge de 12 ans,<\/li>\n<\/ul>\n<p>Sauf d\u00e9cision contraire du juge (dans ce cas, il fixe une contribution alimentaire&nbsp;\u00e0 l\u2019encontre de l\u2019enfant). Les oblig\u00e9s alimentaires sont sollicit\u00e9s lors d\u2019une demande d\u2019Aide Sociale \u00e0 l\u2019h\u00e9bergement pour une personne \u00e2g\u00e9e d\u00e9pendante.<\/p>\n<p>&nbsp;<\/p>\n<p><strong><u>La PUMA (ex CMU)<\/u><\/strong><\/p>\n<p>La Protection Universelle MAladie (PUMA), qui a remplac\u00e9e au 1<sup>er<\/sup> janvier 2016&nbsp;la CMU (Couverture Maladie Universelle), a pour objectif d\u2019assurer une prise&nbsp;en charge des frais de sant\u00e9 sans rupture de droits en cas de changement&nbsp;de situation professionnelle, familiale ou de r\u00e9sidence, pour toute personne qui travaille ou r\u00e9side en France de mani\u00e8re stable et r\u00e9guli\u00e8re.<\/p>\n<p><a href=\"http:\/\/moretloingetorvanne.fr\/ccas\/wp-content\/uploads\/2020\/12\/PUMA-cerfa.pdf\">puma-cerfa<\/a><\/p>\n<p>&nbsp;<\/p>\n<p><u>Le RSA<\/u><\/p>\n<p>Le Revenu de Solidarit\u00e9 Active (RSA) est une prestation sociale vers\u00e9e par la CAF (Caisse d\u2019Allocations Familiales) aux personnes n\u2019ayant pas ou peu de ressources.<\/p>\n<p>Il constitue un revenu minimum pour les personnes sans emploi et un compl\u00e9ment&nbsp;de ressources pour les personnes qui travaillent.<\/p>\n<p>Le CCAS instruit les demandes de RSA socle, uniquement sur rendez-vous.<\/p>\n<p>Pour la prim\u00e9 d\u2019activit\u00e9, se renseigner aupr\u00e8s de la Maison D\u00e9partementale des Solidarit\u00e9s (MDS) de Montereau.<\/p>\n<p>Maison D\u00e9partementale des Solidarit\u00e9s<\/p>\n<p>1, Rue Andr\u00e9 Thomas<\/p>\n<p>77875 Montereau-Fault-Yonne cedex<\/p>\n<p>Tel : 01 60 57 22 55<\/p>\n<p><a href=\"http:\/\/www.seine-et-marne.fr\/Solidarite\/Maison-departementale-des-solidarites\">http:\/\/www.seine-et-marne.fr\/Solidarite\/Maison-departementale-des-solidarites<\/a><\/p>\n<p><a href=\"https:\/\/www.caf.fr\/\">https:\/\/www.caf.fr\/<\/a><\/p>\n<p><a href=\"http:\/\/moretloingetorvanne.fr\/ccas\/wp-content\/uploads\/2020\/12\/RSA-Cerfa.pdf\">rsa-cerfa<\/a><\/p>\n<p>&nbsp;<\/p>\n<p><strong><u>La T\u00e9l\u00e9assistance<\/u><\/strong><\/p>\n<p>La t\u00e9l\u00e9assistance est un syst\u00e8me de s\u00e9curit\u00e9 pour personnes d\u00e9pendantes, \u00e2g\u00e9es&nbsp;ou malades vivant \u00e0 domicile, leur permettant d\u2019\u00eatre mises en relation par un simple appel, avec des personnes d\u00e9sign\u00e9es ou un service d\u2019urgence.<\/p>\n<p>Accessible \u00e0 tous les Seine-et-Marnais, T\u00e9l\u00e9assistance77 permet de b\u00e9n\u00e9ficier d\u2019un service de qualit\u00e9 \u00e0 un co\u00fbt mensuel de&nbsp;12,43 \u20ac&nbsp;pour la prestation de base.<\/p>\n<p>T\u00e9l\u00e9assistance 77 est mis en place par Europe Assistance dans le cadre<br>d\u2019une d\u00e9l\u00e9gation de service public attribu\u00e9e par le D\u00e9partement de Seine-et-Marne.<\/p>\n<p><a href=\"http:\/\/moretloingetorvanne.fr\/ccas\/wp-content\/uploads\/2020\/12\/1-fiche-inscription-teleassistance-77.pdf\" data-wplink-edit=\"true\">1-fiche-inscription-teleassistance-77<\/a><\/p>\n<p><a href=\"http:\/\/moretloingetorvanne.fr\/ccas\/wp-content\/uploads\/2020\/12\/2-fiche-de-renseignements-teleassistance-77.pdf\">2-fiche-de-renseignements-teleassistance-77<\/a><\/p>\n<p><a href=\"http:\/\/moretloingetorvanne.fr\/ccas\/wp-content\/uploads\/2020\/12\/3-fiche-parrains-teleassistance-77.pdf\">3-fiche-parrains-teleassistance-77<\/a><\/p>\n<p><a href=\"http:\/\/moretloingetorvanne.fr\/ccas\/wp-content\/uploads\/2020\/12\/4-fiche-visiocommunication-teleassistance-77.pdf\">4-fiche-visiocommunication-teleassistance-77<\/a><\/p>\n<p><a href=\"http:\/\/moretloingetorvanne.fr\/ccas\/wp-content\/uploads\/2020\/12\/5-dispositions-generales-teleassistance-77.pdf\">5-dispositions-generales-teleassistance-77<\/a><\/p>\n<p><a href=\"http:\/\/moretloingetorvanne.fr\/ccas\/wp-content\/uploads\/2020\/12\/6-notice-avantages-fiscauxteleassistance-77.pdf\">6-notice-avantages-fiscauxteleassistance-77<\/a><\/p>\n","protected":false},"excerpt":{"rendered":"<p>Les Aides facultatives Elles sont le reflet de l\u2019Action Sociale communale et recouvrent divers secteurs d\u2019activit\u00e9s. Le CCAS peut apporter un accompagnement individualis\u00e9 ; il peut \u00e9galement dispenser des aides [&hellip;]<\/p>\n","protected":false},"author":1,"featured_media":0,"parent":0,"menu_order":0,"comment_status":"closed","ping_status":"closed","template":"","meta":{"_bbp_topic_count":0,"_bbp_reply_count":0,"_bbp_total_topic_count":0,"_bbp_total_reply_count":0,"_bbp_voice_count":0,"_bbp_anonymous_reply_count":0,"_bbp_topic_count_hidden":0,"_bbp_reply_count_hidden":0,"_bbp_forum_subforum_count":0,"ngg_post_thumbnail":0,"footnotes":"","_links_to":"","_links_to_target":""},"class_list":["post-114","page","type-page","status-publish","hentry"],"_links":{"self":[{"href":"http:\/\/moretloingetorvanne.fr\/ccas\/wp-json\/wp\/v2\/pages\/114","targetHints":{"allow":["GET"]}}],"collection":[{"href":"http:\/\/moretloingetorvanne.fr\/ccas\/wp-json\/wp\/v2\/pages"}],"about":[{"href":"http:\/\/moretloingetorvanne.fr\/ccas\/wp-json\/wp\/v2\/types\/page"}],"author":[{"embeddable":true,"href":"http:\/\/moretloingetorvanne.fr\/ccas\/wp-json\/wp\/v2\/users\/1"}],"replies":[{"embeddable":true,"href":"http:\/\/moretloingetorvanne.fr\/ccas\/wp-json\/wp\/v2\/comments?post=114"}],"version-history":[{"count":3,"href":"http:\/\/moretloingetorvanne.fr\/ccas\/wp-json\/wp\/v2\/pages\/114\/revisions"}],"predecessor-version":[{"id":390,"href":"http:\/\/moretloingetorvanne.fr\/ccas\/wp-json\/wp\/v2\/pages\/114\/revisions\/390"}],"wp:attachment":[{"href":"http:\/\/moretloingetorvanne.fr\/ccas\/wp-json\/wp\/v2\/media?parent=114"}],"curies":[{"name":"wp","href":"https:\/\/api.w.org\/{rel}","templated":true}]}}