{"id":503,"date":"2021-06-29T13:27:20","date_gmt":"2021-06-29T11:27:20","guid":{"rendered":"http:\/\/moretloingetorvanne.fr\/ccas\/?page_id=503"},"modified":"2025-11-18T14:51:22","modified_gmt":"2025-11-18T13:51:22","slug":"activites-sociales","status":"publish","type":"page","link":"http:\/\/moretloingetorvanne.fr\/ccas\/activites-sociales\/","title":{"rendered":"Les Activit\u00e9s Sociales"},"content":{"rendered":"\n<div class=\"entry\">\n<p style=\"text-align: justify;\">Le CCAS organise et met en place certaines actions sociales dont l\u2019int\u00e9r\u00eat va directement aux habitants de la commune (en faveur des seniors, des jeunes, des populations fragilis\u00e9es etc\u2026) pour cr\u00e9er du lien social.<\/p>\n<p>Actions \u00e0 titre indicatif :<\/p>\n<p>-L\u2019Atelier M\u00e9moire<\/p>\n<p>-Le Th\u00e9 dansant<\/p>\n<p>-La Sortie des a\u00een\u00e9s<\/p>\n<p>-Le Repas des a\u00een\u00e9s<\/p>\n<p>-La Semaine Bleue<\/p>\n<p>-Le Go\u00fbter EPHAD Source Nadon<\/p>\n<p>-Le Repas des Associations caritatives<\/p>\n<p>-La Distribution des colis de No\u00ebl \u00e0 la R\u00e9sidence les Roses et l\u2019EHPAD Source Nadon<\/p>\n<p>\u2013 Le Go\u00fbter spectacle et la remise des colis de No\u00ebl<\/p>\n<\/div>\n","protected":false},"excerpt":{"rendered":"<p>Le CCAS organise et met en place certaines actions sociales dont l\u2019int\u00e9r\u00eat va directement aux habitants de la commune (en faveur des seniors, des jeunes, des populations fragilis\u00e9es etc\u2026) pour [&hellip;]<\/p>\n","protected":false},"author":4,"featured_media":0,"parent":0,"menu_order":0,"comment_status":"closed","ping_status":"closed","template":"","meta":{"_bbp_topic_count":0,"_bbp_reply_count":0,"_bbp_total_topic_count":0,"_bbp_total_reply_count":0,"_bbp_voice_count":0,"_bbp_anonymous_reply_count":0,"_bbp_topic_count_hidden":0,"_bbp_reply_count_hidden":0,"_bbp_forum_subforum_count":0,"ngg_post_thumbnail":0,"footnotes":"","_links_to":"","_links_to_target":""},"class_list":["post-503","page","type-page","status-publish","hentry"],"_links":{"self":[{"href":"http:\/\/moretloingetorvanne.fr\/ccas\/wp-json\/wp\/v2\/pages\/503","targetHints":{"allow":["GET"]}}],"collection":[{"href":"http:\/\/moretloingetorvanne.fr\/ccas\/wp-json\/wp\/v2\/pages"}],"about":[{"href":"http:\/\/moretloingetorvanne.fr\/ccas\/wp-json\/wp\/v2\/types\/page"}],"author":[{"embeddable":true,"href":"http:\/\/moretloingetorvanne.fr\/ccas\/wp-json\/wp\/v2\/users\/4"}],"replies":[{"embeddable":true,"href":"http:\/\/moretloingetorvanne.fr\/ccas\/wp-json\/wp\/v2\/comments?post=503"}],"version-history":[{"count":19,"href":"http:\/\/moretloingetorvanne.fr\/ccas\/wp-json\/wp\/v2\/pages\/503\/revisions"}],"predecessor-version":[{"id":553,"href":"http:\/\/moretloingetorvanne.fr\/ccas\/wp-json\/wp\/v2\/pages\/503\/revisions\/553"}],"wp:attachment":[{"href":"http:\/\/moretloingetorvanne.fr\/ccas\/wp-json\/wp\/v2\/media?parent=503"}],"curies":[{"name":"wp","href":"https:\/\/api.w.org\/{rel}","templated":true}]}}